{"id":4533,"date":"2026-09-01T16:43:03","date_gmt":"2026-09-01T14:43:03","guid":{"rendered":"https:\/\/www.anskar.de\/marburg\/?page_id=4533"},"modified":"2026-09-01T16:43:04","modified_gmt":"2026-09-01T14:43:04","slug":"sichere-gemeinde","status":"publish","type":"page","link":"https:\/\/www.anskar.de\/marburg\/sichere-gemeinde\/","title":{"rendered":"Sichere Gemeinde"},"content":{"rendered":"<p>[et_pb_section fb_built=&#8220;1&#8243; fullwidth=&#8220;on&#8220; _builder_version=&#8220;4.16&#8243; collapsed=&#8220;off&#8220; global_colors_info=&#8220;{}&#8220;][et_pb_fullwidth_slider _builder_version=&#8220;4.18.0&#8243; parallax=&#8220;on&#8220; parallax_method=&#8220;on&#8220; custom_padding=&#8220;150px||150px|&#8220; custom_padding_tablet=&#8220;|||&#8220; custom_padding_phone=&#8220;|||&#8220; box_shadow_style=&#8220;preset6&#8243; box_shadow_blur=&#8220;10px&#8220; box_shadow_color=&#8220;rgba(0,0,0,0.1)&#8220; top_padding=&#8220;150px&#8220; bottom_padding=&#8220;150px&#8220; show_inner_shadow=&#8220;on&#8220; global_colors_info=&#8220;{}&#8220; button_text_size__hover_enabled=&#8220;off&#8220; button_one_text_size__hover_enabled=&#8220;off&#8220; button_two_text_size__hover_enabled=&#8220;off&#8220; button_text_color__hover_enabled=&#8220;off&#8220; button_one_text_color__hover_enabled=&#8220;off&#8220; button_two_text_color__hover_enabled=&#8220;off&#8220; button_border_width__hover_enabled=&#8220;off&#8220; button_one_border_width__hover_enabled=&#8220;off&#8220; button_two_border_width__hover_enabled=&#8220;off&#8220; button_border_color__hover_enabled=&#8220;off&#8220; button_one_border_color__hover_enabled=&#8220;off&#8220; button_two_border_color__hover_enabled=&#8220;off&#8220; button_border_radius__hover_enabled=&#8220;off&#8220; button_one_border_radius__hover_enabled=&#8220;off&#8220; button_two_border_radius__hover_enabled=&#8220;off&#8220; button_letter_spacing__hover_enabled=&#8220;off&#8220; button_one_letter_spacing__hover_enabled=&#8220;off&#8220; button_two_letter_spacing__hover_enabled=&#8220;off&#8220; button_bg_color__hover_enabled=&#8220;off&#8220; button_one_bg_color__hover_enabled=&#8220;off&#8220; button_two_bg_color__hover_enabled=&#8220;off&#8220;][et_pb_slide heading=&#8220;Sichere Gemeinde&#8220; _builder_version=&#8220;4.18.0&#8243; background_color=&#8220;#ffffff&#8220; background_image=&#8220;https:\/\/www.anskar.de\/marburg\/wp-content\/uploads\/sites\/4\/2026\/08\/matthew-waring-MJAoiige14E-unsplash-scaled-e1787445965139.jpg&#8220; background_enable_image=&#8220;on&#8220; parallax=&#8220;on&#8220; global_colors_info=&#8220;{}&#8220; button_text_size__hover_enabled=&#8220;off&#8220; button_one_text_size__hover_enabled=&#8220;off&#8220; button_two_text_size__hover_enabled=&#8220;off&#8220; button_text_color__hover_enabled=&#8220;off&#8220; button_one_text_color__hover_enabled=&#8220;off&#8220; button_two_text_color__hover_enabled=&#8220;off&#8220; button_border_width__hover_enabled=&#8220;off&#8220; button_one_border_width__hover_enabled=&#8220;off&#8220; button_two_border_width__hover_enabled=&#8220;off&#8220; button_border_color__hover_enabled=&#8220;off&#8220; button_one_border_color__hover_enabled=&#8220;off&#8220; button_two_border_color__hover_enabled=&#8220;off&#8220; button_border_radius__hover_enabled=&#8220;off&#8220; button_one_border_radius__hover_enabled=&#8220;off&#8220; button_two_border_radius__hover_enabled=&#8220;off&#8220; button_letter_spacing__hover_enabled=&#8220;off&#8220; button_one_letter_spacing__hover_enabled=&#8220;off&#8220; button_two_letter_spacing__hover_enabled=&#8220;off&#8220; button_bg_color__hover_enabled=&#8220;off&#8220; button_one_bg_color__hover_enabled=&#8220;off&#8220; button_two_bg_color__hover_enabled=&#8220;off&#8220; sticky_transition=&#8220;on&#8220;][\/et_pb_slide][\/et_pb_fullwidth_slider][\/et_pb_section][et_pb_section fb_built=&#8220;1&#8243; admin_label=&#8220;Sektion&#8220; _builder_version=&#8220;4.16&#8243; collapsed=&#8220;off&#8220; global_colors_info=&#8220;{}&#8220;][et_pb_row admin_label=&#8220;Zeile&#8220; _builder_version=&#8220;4.16&#8243; global_colors_info=&#8220;{}&#8220; column_structure=&#8220;2_3,1_3&#8243;][et_pb_column type=&#8220;2_3&#8243; _builder_version=&#8220;4.16&#8243; custom_padding=&#8220;|||&#8220; global_colors_info=&#8220;{}&#8220; custom_padding__hover=&#8220;|||&#8220;][et_pb_blurb title=&#8220;Unser Schutzkonzept&#8220; _builder_version=&#8220;4.18.0&#8243; hover_enabled=&#8220;0&#8243; global_colors_info=&#8220;{}&#8220; sticky_enabled=&#8220;0&#8243;]<\/p>\n<p><span class=\"a_GcMg font-feature-liga-off font-feature-clig-off font-feature-calt-off text-decoration-none text-strikethrough-none\" style=\"--ys-xuq: none; font-weight: 400; font-style: normal;\">Unsere Gemeinde soll ein Ort sein, an dem Kinder, Jugendliche und Erwachsene sicher sind vor sexualisierter Gewalt und anderen Formen von Gewalt. Dazu setzen wir das <a href=\"https:\/\/nx10837.your-storageshare.de\/s\/CT4tCWBX5yD7Lop\" target=\"_blank\" rel=\"noopener\">Kinderschutzkonzept der Anskar-Kirche Deutschland<\/a> bei uns um.<\/span><\/p>\n<p>[\/et_pb_blurb][et_pb_blurb title=&#8220;Pr\u00e4vention &#8230;&#8220; _builder_version=&#8220;4.18.0&#8243; global_colors_info=&#8220;{}&#8220;]<\/p>\n<p>&#8230; hei\u00dft: Wir wollen das Leben in unseren Gemeinden und speziell die Arbeit mit Kindern und Jugendlichen so gestalten, dass es gar nicht zu \u00dcbergriffen kommt. Dazu geh\u00f6ren mehrere Bausteine:<\/p>\n<ul>\n<li>Die Auswahl und Vorbereitung der Mitarbeitenden. Dazu geh\u00f6rt selbstverst\u00e4ndlich das erwetierte polizeiliche F\u00fchrungszeugnis, Vorgespr\u00e4che und Schulungen zur Kindeswohlgef\u00e4hrdung.<\/li>\n<li>Klare Absprachen \u00fcber verbindliche Werte und Regeln in der Arbeit mit Kindern und Jugendlichen. Dazu dient der Verhaltenskodex, den alle Mitarbeitenden unterschreiben, und regelm\u00e4\u00dfige Teamgespr\u00e4che.<\/li>\n<li>Information und Sensibilisierung von Kindern und Jugendlichen, Eltern, Mitarbeitenden und der Gesamtgemeinde \u00fcber sexualisierte und andere Formen der Gewalt, \u00fcber unsere Regelungen und \u00fcber Hilfsangebote.<\/li>\n<\/ul>\n<p>&nbsp;<\/p>\n<p>[\/et_pb_blurb][et_pb_blurb title=&#8220;Wenn etwas passiert &#8230;&#8220; _builder_version=&#8220;4.18.0&#8243; hover_enabled=&#8220;0&#8243; global_colors_info=&#8220;{}&#8220; sticky_enabled=&#8220;0&#8243;]<\/p>\n<p>&#8230; werden wir aktiv. Lethargie, Gutgl\u00e4ubigkeit und letztlich Nicht-Wissen-Wollen haben in diesem Bereich schon gro\u00dfen Schaden angerichtet. Auf der anderen Seite k\u00f6nnen \u00fcberst\u00fcrztes, kopfloses Handeln zus\u00e4tzlichen Schaden anrichten. Deshalb braucht es Wachsamkeit und Aufmerksamkeit, aber ebenso Sach- und Verfahrenskompetenz.<\/p>\n<p>F\u00fcr eine sichere Gemeinde braucht es alle Beteiligten:<\/p>\n<ul>\n<li>Jeder in der Gemeinde kann zu einem sicheren und wertsch\u00e4tzenden Klima beitragen, zweifelhafte Situationen vermeiden, Kritikf\u00e4higkeit leben und unklare oder sch\u00e4dliche Situationen ansprechen.<\/li>\n<li>Gemeindeleitung und Mitarbeitende sind in einer besonderen Verantwortung, wachsam zu sein, selbst die Regeln einzuhalten und im Ernstfall ruhig und \u00fcberlegt zu agieren.<\/li>\n<li>Die Vertrauensperson ist die wichtigste Adresse, um Erfahrungen oder Beobachtungen mitzuteilen. Sie wird sensibel auf die konkrete Situation eingehen und wei\u00df, worauf jetzt zu achten und was die n\u00e4chsten Schritte sind.<\/li>\n<\/ul>\n<p>&nbsp;<\/p>\n<p>[\/et_pb_blurb][et_pb_blurb title=&#8220;Weitere Hilfsangebote&#8220; _builder_version=&#8220;4.18.0&#8243; hover_enabled=&#8220;0&#8243; global_colors_info=&#8220;{}&#8220; sticky_enabled=&#8220;0&#8243;]<\/p>\n<p>Seit 2026 gibt es die gemeinsame <a href=\"https:\/\/www.vef.de\/anlaufstelle\"><strong>Anlaufstelle der Freikirchen<\/strong><\/a><strong> innerhalb der Vereinigung Evangelischer Freikirchen<\/strong>. Die so genannten Verfahrensbegleiterinnen und -begleiter der Anlaufstelle leiten Meldungen \u2013 mit Einverst\u00e4ndnis der betroffenen Person \u2013 an die entsprechende Gemeinde oder Einrichtung weiter und unterst\u00fctzen diese dabei, das Gemeldete zu \u00fcberpr\u00fcfen und aufzuarbeiten. Sie arbeiten dabei unabh\u00e4ngig.\u00a0<\/p>\n<p><strong>Kontakt: <\/strong><a href=\"&#x6d;&#x61;&#105;lt&#x6f;&#x3a;&#97;&#110;l&#x61;&#x75;&#102;&#115;t&#x65;&#x6c;&#x6c;&#101;&#64;a&#x6e;&#x73;&#107;&#97;r&#x2e;&#x64;&#101;\">&#x61;&#110;l&#x61;&#117;f&#x73;&#116;e&#x6c;&#108;e&#x40;&#97;n&#x73;&#107;a&#x72;&#46;d&#x65;<\/a> oder <a href=\"ma&#105;&#108;&#116;&#x6f;&#x3a;&#x61;&#x6e;&#x6c;au&#102;&#115;&#116;&#x65;&#x6c;&#x6c;&#x65;&#x40;ve&#102;&#46;&#100;&#x65;\">&#x61;&#110;l&#x61;&#x75;&#102;s&#x74;&#x65;&#108;l&#x65;&#64;v&#x65;&#x66;&#46;d&#x65;<\/a>.\u00a0<\/p>\n<p>Das <a href=\"https:\/\/www.hilfe-portal-missbrauch.de\"><strong>Hilfe-Portal Sexueller Missbrauch<\/strong><\/a> ist ein Angebot der Unabh\u00e4ngigen Bundesbeauftragten gegen sexuellen Missbrauch von Kindern und Jugendlichen. Es bietet viele Informationen zum Thema und unterst\u00fctzt dabei, Hilfe- und Beratungsangebote vor Ort zu finden.<\/p>\n<p>Kontakt \u00fcber die Webseite oder \u00fcber <a href=\"tel:08002255530\" class=\"h-h3 u-t--c-brown u-t--d-iblock\">0800 22 55 530.<\/a><br \/><strong>Telefonzeiten:\u00a0<\/strong>Mo., Mi., Fr.: 9.00 bis 14.00 Uhr, Di., Do.: 15.00 bis 20.00 Uh<\/p>\n<p>&nbsp;<\/p>\n<p>&nbsp;<\/p>\n<p>[\/et_pb_blurb][\/et_pb_column][et_pb_column type=&#8220;1_3&#8243; _builder_version=&#8220;4.16&#8243; custom_padding=&#8220;|||&#8220; global_colors_info=&#8220;{}&#8220; custom_padding__hover=&#8220;|||&#8220;][et_pb_team_member name=&#8220;Susanne Masooa&#8220; position=&#8220;Vertrauensperson&#8220; image_url=&#8220;https:\/\/www.anskar.de\/marburg\/wp-content\/uploads\/sites\/4\/2026\/08\/susanne_masooa-scaled-e1787444779804.jpeg&#8220; _builder_version=&#8220;4.18.0&#8243; _module_preset=&#8220;default&#8220; global_colors_info=&#8220;{}&#8220;]<\/p>\n<p>Die Vertrauensperson kann angesprochen werden bez\u00fcglich eigener Erfahrungen mit sexualisierter Gewalt, aber auch wegen Beobachtungen, unklarer Situationen oder Grenzverletzungen im Umfeld der Gemeinde. Sie geht Verdachtsmomenten nach, bezieht nach Bedarf die Gemeindeleitung ein und stellt ggf. den Kontakt zu einer Fachberatungsstelle her. Gespr\u00e4chsinhalte behandelt sie selbstverst\u00e4ndlich vertraulich, die n\u00e4chsten Schritte spricht sie jeweils mit der hilfesuchenden Person ab.<\/p>\n<p><strong>Kontakt:\u00a0<\/strong><br \/>01512 9695772<br \/><a href=\"&#x6d;&#x61;&#105;&#108;t&#x6f;&#x3a;&#x76;&#101;rt&#x72;&#x61;&#117;&#101;n&#x73;&#x70;&#x65;&#114;so&#x6e;&#x40;&#97;&#110;s&#x6b;&#x61;&#x72;&#45;ma&#x72;&#x62;&#117;&#114;g&#x2e;&#x64;&#x65;\">&#x76;&#x65;&#x72;&#x74;&#114;&#97;uen&#x73;&#x70;&#x65;&#x72;&#115;&#111;n&#64;a&#x6e;&#x73;&#x6b;&#x61;&#114;&#45;&#109;ar&#x62;&#x75;&#x72;&#x67;&#46;&#100;&#101;<\/a><\/p>\n<p>[\/et_pb_team_member][et_pb_team_member name=&#8220;Alexander Hirsch&#8220; position=&#8220;Kinderschutzbeauftragter&#8220; image_url=&#8220;https:\/\/www.anskar.de\/marburg\/wp-content\/uploads\/sites\/4\/2026\/08\/2025-09-27-14.24.42-scaled-e1787445548290.jpg&#8220; _builder_version=&#8220;4.18.0&#8243; _module_preset=&#8220;default&#8220; global_colors_info=&#8220;{}&#8220;]<\/p>\n<p>Der Kinderschutzbeauftragte verantwortet die Umsetzung des Kinderschutzkonzepts in der Gemeinde und hilft, das Thema &#8222;Sichere Gemeinde&#8220; wach zu halten. Er ist auch im Austausch mit der Kirchenleitung der Anskar-Kirche Deutschland \u00fcber die Weiterentwicklung des Schutzkonzepts.<\/p>\n<p>[\/et_pb_team_member][\/et_pb_column][\/et_pb_row][\/et_pb_section]<\/p>\n","protected":false},"excerpt":{"rendered":"<p>Unsere Gemeinde soll ein Ort sein, an dem Kinder, Jugendliche und Erwachsene sicher sind vor sexualisierter Gewalt und anderen Formen von Gewalt. Dazu setzen wir das Kinderschutzkonzept der Anskar-Kirche Deutschland [&hellip;]<\/p>\n","protected":false},"author":3,"featured_media":0,"parent":0,"menu_order":0,"comment_status":"closed","ping_status":"closed","template":"","meta":{"_et_pb_use_builder":"on","_et_pb_old_content":"","_et_gb_content_width":"","footnotes":""},"class_list":["post-4533","page","type-page","status-publish","hentry"],"yoast_head":"<!-- This site is optimized with the Yoast SEO plugin v28.3 - https:\/\/yoast.com\/product\/yoast-seo-wordpress\/ -->\n<title>Sichere Gemeinde - Anskar-Kirche Marburg<\/title>\n<meta name=\"robots\" content=\"index, follow, max-snippet:-1, max-image-preview:large, max-video-preview:-1\" \/>\n<link rel=\"canonical\" href=\"https:\/\/www.anskar.de\/marburg\/sichere-gemeinde\/\" \/>\n<meta property=\"og:locale\" content=\"de_DE\" \/>\n<meta property=\"og:type\" content=\"article\" \/>\n<meta property=\"og:title\" content=\"Sichere Gemeinde - Anskar-Kirche Marburg\" \/>\n<meta property=\"og:description\" content=\"Unsere Gemeinde soll ein Ort sein, an dem Kinder, Jugendliche und Erwachsene sicher sind vor sexualisierter Gewalt und anderen Formen von Gewalt. Dazu setzen wir das Kinderschutzkonzept der Anskar-Kirche Deutschland [&hellip;]\" \/>\n<meta property=\"og:url\" content=\"https:\/\/www.anskar.de\/marburg\/sichere-gemeinde\/\" \/>\n<meta property=\"og:site_name\" content=\"Anskar-Kirche Marburg\" \/>\n<meta property=\"article:modified_time\" content=\"2026-09-01T14:43:04+00:00\" \/>\n<meta name=\"twitter:card\" content=\"summary_large_image\" \/>\n<meta name=\"twitter:label1\" content=\"Gesch\u00e4tzte Lesezeit\" \/>\n\t<meta name=\"twitter:data1\" content=\"2\u00a0Minuten\" \/>\n<script type=\"application\/ld+json\" class=\"yoast-schema-graph\">{\"@context\":\"https:\\\/\\\/schema.org\",\"@graph\":[{\"@type\":\"WebPage\",\"@id\":\"https:\\\/\\\/www.anskar.de\\\/marburg\\\/sichere-gemeinde\\\/\",\"url\":\"https:\\\/\\\/www.anskar.de\\\/marburg\\\/sichere-gemeinde\\\/\",\"name\":\"Sichere Gemeinde - Anskar-Kirche Marburg\",\"isPartOf\":{\"@id\":\"https:\\\/\\\/www.anskar.de\\\/marburg\\\/#website\"},\"datePublished\":\"2026-09-01T14:43:03+00:00\",\"dateModified\":\"2026-09-01T14:43:04+00:00\",\"breadcrumb\":{\"@id\":\"https:\\\/\\\/www.anskar.de\\\/marburg\\\/sichere-gemeinde\\\/#breadcrumb\"},\"inLanguage\":\"de\",\"potentialAction\":[{\"@type\":\"ReadAction\",\"target\":[\"https:\\\/\\\/www.anskar.de\\\/marburg\\\/sichere-gemeinde\\\/\"]}]},{\"@type\":\"BreadcrumbList\",\"@id\":\"https:\\\/\\\/www.anskar.de\\\/marburg\\\/sichere-gemeinde\\\/#breadcrumb\",\"itemListElement\":[{\"@type\":\"ListItem\",\"position\":1,\"name\":\"Startseite\",\"item\":\"https:\\\/\\\/www.anskar.de\\\/marburg\\\/\"},{\"@type\":\"ListItem\",\"position\":2,\"name\":\"Sichere Gemeinde\"}]},{\"@type\":\"WebSite\",\"@id\":\"https:\\\/\\\/www.anskar.de\\\/marburg\\\/#website\",\"url\":\"https:\\\/\\\/www.anskar.de\\\/marburg\\\/\",\"name\":\"Anskar-Kirche Marburg\",\"description\":\"Internationale Gemeinde\",\"potentialAction\":[{\"@type\":\"SearchAction\",\"target\":{\"@type\":\"EntryPoint\",\"urlTemplate\":\"https:\\\/\\\/www.anskar.de\\\/marburg\\\/?s={search_term_string}\"},\"query-input\":{\"@type\":\"PropertyValueSpecification\",\"valueRequired\":true,\"valueName\":\"search_term_string\"}}],\"inLanguage\":\"de\"}]}<\/script>\n<!-- \/ Yoast SEO plugin. -->","yoast_head_json":{"title":"Sichere Gemeinde - Anskar-Kirche Marburg","robots":{"index":"index","follow":"follow","max-snippet":"max-snippet:-1","max-image-preview":"max-image-preview:large","max-video-preview":"max-video-preview:-1"},"canonical":"https:\/\/www.anskar.de\/marburg\/sichere-gemeinde\/","og_locale":"de_DE","og_type":"article","og_title":"Sichere Gemeinde - Anskar-Kirche Marburg","og_description":"Unsere Gemeinde soll ein Ort sein, an dem Kinder, Jugendliche und Erwachsene sicher sind vor sexualisierter Gewalt und anderen Formen von Gewalt. Dazu setzen wir das Kinderschutzkonzept der Anskar-Kirche Deutschland [&hellip;]","og_url":"https:\/\/www.anskar.de\/marburg\/sichere-gemeinde\/","og_site_name":"Anskar-Kirche Marburg","article_modified_time":"2026-09-01T14:43:04+00:00","twitter_card":"summary_large_image","twitter_misc":{"Gesch\u00e4tzte Lesezeit":"2\u00a0Minuten"},"schema":{"@context":"https:\/\/schema.org","@graph":[{"@type":"WebPage","@id":"https:\/\/www.anskar.de\/marburg\/sichere-gemeinde\/","url":"https:\/\/www.anskar.de\/marburg\/sichere-gemeinde\/","name":"Sichere Gemeinde - Anskar-Kirche Marburg","isPartOf":{"@id":"https:\/\/www.anskar.de\/marburg\/#website"},"datePublished":"2026-09-01T14:43:03+00:00","dateModified":"2026-09-01T14:43:04+00:00","breadcrumb":{"@id":"https:\/\/www.anskar.de\/marburg\/sichere-gemeinde\/#breadcrumb"},"inLanguage":"de","potentialAction":[{"@type":"ReadAction","target":["https:\/\/www.anskar.de\/marburg\/sichere-gemeinde\/"]}]},{"@type":"BreadcrumbList","@id":"https:\/\/www.anskar.de\/marburg\/sichere-gemeinde\/#breadcrumb","itemListElement":[{"@type":"ListItem","position":1,"name":"Startseite","item":"https:\/\/www.anskar.de\/marburg\/"},{"@type":"ListItem","position":2,"name":"Sichere Gemeinde"}]},{"@type":"WebSite","@id":"https:\/\/www.anskar.de\/marburg\/#website","url":"https:\/\/www.anskar.de\/marburg\/","name":"Anskar-Kirche Marburg","description":"Internationale Gemeinde","potentialAction":[{"@type":"SearchAction","target":{"@type":"EntryPoint","urlTemplate":"https:\/\/www.anskar.de\/marburg\/?s={search_term_string}"},"query-input":{"@type":"PropertyValueSpecification","valueRequired":true,"valueName":"search_term_string"}}],"inLanguage":"de"}]}},"_links":{"self":[{"href":"https:\/\/www.anskar.de\/marburg\/wp-json\/wp\/v2\/pages\/4533","targetHints":{"allow":["GET"]}}],"collection":[{"href":"https:\/\/www.anskar.de\/marburg\/wp-json\/wp\/v2\/pages"}],"about":[{"href":"https:\/\/www.anskar.de\/marburg\/wp-json\/wp\/v2\/types\/page"}],"author":[{"embeddable":true,"href":"https:\/\/www.anskar.de\/marburg\/wp-json\/wp\/v2\/users\/3"}],"replies":[{"embeddable":true,"href":"https:\/\/www.anskar.de\/marburg\/wp-json\/wp\/v2\/comments?post=4533"}],"version-history":[{"count":15,"href":"https:\/\/www.anskar.de\/marburg\/wp-json\/wp\/v2\/pages\/4533\/revisions"}],"predecessor-version":[{"id":4613,"href":"https:\/\/www.anskar.de\/marburg\/wp-json\/wp\/v2\/pages\/4533\/revisions\/4613"}],"wp:attachment":[{"href":"https:\/\/www.anskar.de\/marburg\/wp-json\/wp\/v2\/media?parent=4533"}],"curies":[{"name":"wp","href":"https:\/\/api.w.org\/{rel}","templated":true}]}}